{"id":16,"date":"2023-04-14T09:37:39","date_gmt":"2023-04-14T06:37:39","guid":{"rendered":"http:\/\/u73784.www2.webdomain.fi\/?page_id=16"},"modified":"2025-02-28T18:39:01","modified_gmt":"2025-02-28T16:39:01","slug":"jarjestamispalvelu","status":"publish","type":"page","link":"https:\/\/saarakiviluoto.fi\/?page_id=16","title":{"rendered":"J\u00e4rjest\u00e4mispalvelu"},"content":{"rendered":"<p>[et_pb_section fb_built=&#8221;1&#8243; _builder_version=&#8221;4.20.4&#8243; _module_preset=&#8221;default&#8221; background_color=&#8221;#FFFFFF&#8221; background_enable_image=&#8221;off&#8221; background_enable_pattern_style=&#8221;on&#8221; background_pattern_style=&#8221;tufted&#8221; background_pattern_color=&#8221;RGBA(255,255,255,0)&#8221; background_enable_mask_style=&#8221;on&#8221; background_mask_style=&#8221;triangles&#8221; background_mask_color=&#8221;#F0E4DB&#8221; background_mask_transform=&#8221;invert&#8221; custom_margin=&#8221;0px||||false|false&#8221; custom_padding=&#8221;||132px|||&#8221; global_colors_info=&#8221;{}&#8221;][et_pb_row _builder_version=&#8221;4.20.4&#8243; _module_preset=&#8221;default&#8221; custom_margin=&#8221;0px||-12px||false|false&#8221; custom_padding=&#8221;52px||0px||false|false&#8221; global_colors_info=&#8221;{}&#8221;][et_pb_column type=&#8221;4_4&#8243; _builder_version=&#8221;4.20.4&#8243; _module_preset=&#8221;default&#8221; global_colors_info=&#8221;{}&#8221;][et_pb_text _builder_version=&#8221;4.21.0&#8243; _module_preset=&#8221;default&#8221; global_colors_info=&#8221;{}&#8221;]<\/p>\n<h1>J\u00c4RJEST\u00c4MIS\u00adPALVELU<\/h1>\n<p>[\/et_pb_text][\/et_pb_column][\/et_pb_row][\/et_pb_section][et_pb_section fb_built=&#8221;1&#8243; _builder_version=&#8221;4.20.4&#8243; _module_preset=&#8221;default&#8221; background_color=&#8221;#F0E4DB&#8221; background_image=&#8221;http:\/\/u73784.www2.webdomain.fi\/wp-content\/uploads\/2023\/04\/desktop-organization-cleaning-up-messy-stationary-2022-07-23-03-20-47-utc-1.jpg&#8221; background_enable_mask_style=&#8221;on&#8221; background_mask_color=&#8221;RGBA(255,255,255,0)&#8221; min_height=&#8221;785px&#8221; global_colors_info=&#8221;{}&#8221;][et_pb_row column_structure=&#8221;3_5,2_5&#8243; _builder_version=&#8221;4.20.4&#8243; _module_preset=&#8221;default&#8221; global_colors_info=&#8221;{}&#8221;][et_pb_column type=&#8221;3_5&#8243; _builder_version=&#8221;4.20.4&#8243; _module_preset=&#8221;default&#8221; global_colors_info=&#8221;{}&#8221;][et_pb_text _builder_version=&#8221;4.21.0&#8243; _module_preset=&#8221;default&#8221; header_3_font=&#8221;|||on|||||&#8221; background_color=&#8221;#FFFFFF&#8221; border_radii=&#8221;on|5px|5px|5px|5px&#8221; border_width_all=&#8221;40px&#8221; border_color_all=&#8221;#FFFFFF&#8221; box_shadow_style=&#8221;preset2&#8243; global_colors_info=&#8221;{}&#8221;]<\/p>\n<h3>J\u00e4rjest\u00e4mispalvelu<\/h3>\n<p>J\u00e4rjest\u00e4mispalvelu alkaa tilanteen kartoittamisella ja alustavan ty\u00f6suunnitelman tekemisell\u00e4 yhteisty\u00f6ss\u00e4 asiakkaan kanssa<span>. J\u00e4rjest\u00e4misty\u00f6 toteutetaan yhdess\u00e4 asiakkaan kanssa siten, ett\u00e4 asiakas tekee p\u00e4\u00e4t\u00f6kset karsittavista tavaroista. <\/p>\n<p>J\u00e4rjest\u00e4mispalvelua tarjotaan tuntihinnalla. J\u00e4rjest\u00e4misen kestoon vaikuttaa tavaram\u00e4\u00e4r\u00e4 ja asiakkaan p\u00e4\u00e4t\u00f6ksenteon nopeus.<\/span><\/p>\n<p>[\/et_pb_text][et_pb_button button_text=&#8221;Hinnasto&#8221; _builder_version=&#8221;4.21.0&#8243; _module_preset=&#8221;default&#8221; custom_button=&#8221;on&#8221; button_bg_color=&#8221;#C6897C&#8221; hover_enabled=&#8221;0&#8243; global_colors_info=&#8221;{}&#8221; sticky_enabled=&#8221;0&#8243; button_url=&#8221;@ET-DC@eyJkeW5hbWljIjp0cnVlLCJjb250ZW50IjoicG9zdF9saW5rX3VybF9wYWdlIiwic2V0dGluZ3MiOnsicG9zdF9pZCI6IjIxNSJ9fQ==@&#8221; _dynamic_attributes=&#8221;button_url&#8221;][\/et_pb_button][\/et_pb_column][et_pb_column type=&#8221;2_5&#8243; _builder_version=&#8221;4.20.4&#8243; _module_preset=&#8221;default&#8221; global_colors_info=&#8221;{}&#8221;][et_pb_text _builder_version=&#8221;4.21.0&#8243; _module_preset=&#8221;default&#8221; header_3_font=&#8221;|||on|||||&#8221; background_color=&#8221;#FFFFFF&#8221; border_radii=&#8221;on|5px|5px|5px|5px&#8221; border_width_all=&#8221;40px&#8221; border_color_all=&#8221;#FFFFFF&#8221; box_shadow_style=&#8221;preset2&#8243; global_colors_info=&#8221;{}&#8221;]<\/p>\n<h3>Kotitalousv\u00e4hennys<\/h3>\n<p>J\u00e4rjest\u00e4mispalvelusta saa kotitalousv\u00e4hennyksen (35% v. 2025). Kotitalousv\u00e4hennyst\u00e4 voi saada enint\u00e4\u00e4n 1600\u20ac\/hl\u00f6. Kotitalousv\u00e4hennyksen omavastuu on 150\u20ac.<\/p>\n<p>[\/et_pb_text][et_pb_text _builder_version=&#8221;4.21.0&#8243; _module_preset=&#8221;default&#8221; header_3_font=&#8221;|||on|||||&#8221; header_3_text_color=&#8221;#C6897C&#8221; background_color=&#8221;#FFFFFF&#8221; border_radii=&#8221;on|5px|5px|5px|5px&#8221; border_width_all=&#8221;40px&#8221; border_color_all=&#8221;#FFFFFF&#8221; box_shadow_style=&#8221;preset1&#8243; global_colors_info=&#8221;{}&#8221;]<\/p>\n<h3>KARSITTUJEN TAVAROIDEN POISVIENTI<span><\/span><\/h3>\n<p>Osana j\u00e4rjest\u00e4mispalvelua voin auttaa karsittujen tavaroiden pakkaamisessa ja kuljettamisessa kiinteist\u00f6n j\u00e4te- tai kierr\u00e4tysastioihin. Erillisest\u00e4 sopimuksesta voin my\u00f6s huolehtia karsittujen tavaroiden toimittamisesta kierr\u00e4tyskeskukseen tai j\u00e4teasemalle.<\/p>\n<p>[\/et_pb_text][\/et_pb_column][\/et_pb_row][\/et_pb_section][et_pb_section fb_built=&#8221;1&#8243; _builder_version=&#8221;4.20.4&#8243; _module_preset=&#8221;default&#8221; background_color=&#8221;#FFFFFF&#8221; background_enable_mask_style=&#8221;on&#8221; background_mask_style=&#8221;triangles&#8221; background_mask_color=&#8221;#F0E4DB&#8221; background_mask_transform=&#8221;invert|flip_horizontal&#8221; global_module=&#8221;460&#8243; saved_tabs=&#8221;all&#8221; global_colors_info=&#8221;{}&#8221;][et_pb_row column_structure=&#8221;1_2,1_2&#8243; _builder_version=&#8221;4.20.4&#8243; _module_preset=&#8221;default&#8221; global_colors_info=&#8221;{}&#8221;][et_pb_column type=&#8221;1_2&#8243; _builder_version=&#8221;4.20.4&#8243; _module_preset=&#8221;default&#8221; global_colors_info=&#8221;{}&#8221;][\/et_pb_column][et_pb_column type=&#8221;1_2&#8243; _builder_version=&#8221;4.20.4&#8243; _module_preset=&#8221;default&#8221; global_colors_info=&#8221;{}&#8221;][et_pb_cta title=&#8221;Taklataan yhdess\u00e4 tavarahaasteet&#8221; button_url=&#8221;https:\/\/saarakiviluoto.fi\/?page_id=24&#8243; button_text=&#8221;Yhteydenotto&#8221; _builder_version=&#8221;4.21.0&#8243; _module_preset=&#8221;default&#8221; header_text_align=&#8221;left&#8221; header_line_height=&#8221;1.2em&#8221; background_color=&#8221;#C6897C&#8221; custom_button=&#8221;on&#8221; button_text_color=&#8221;#C6897C&#8221; button_bg_color=&#8221;#FFFFFF&#8221; button_border_radius=&#8221;5px&#8221; button_alignment=&#8221;left&#8221; custom_padding=&#8221;43px||45px||false|false&#8221; border_radii=&#8221;on|5px|5px|5px|5px&#8221; global_colors_info=&#8221;{}&#8221;]<\/p>\n<p style=\"text-align: left;\">Tilaa maksuton tutustumisk\u00e4ynti, jossa kartoitetaan tilanne ja mietit\u00e4\u00e4n, kuinka voisin auttaa sinua tavarahaasteissa.<\/p>\n<p>[\/et_pb_cta][\/et_pb_column][\/et_pb_row][\/et_pb_section][et_pb_section fb_built=&#8221;1&#8243; _builder_version=&#8221;4.20.4&#8243; _module_preset=&#8221;default&#8221; global_colors_info=&#8221;{}&#8221;][et_pb_row column_structure=&#8221;1_2,1_2&#8243; _builder_version=&#8221;4.20.4&#8243; _module_preset=&#8221;default&#8221; global_colors_info=&#8221;{}&#8221;][et_pb_column type=&#8221;1_2&#8243; _builder_version=&#8221;4.20.4&#8243; _module_preset=&#8221;default&#8221; global_colors_info=&#8221;{}&#8221;][et_pb_testimonial author=&#8221;Nainen, 38&#8243; _builder_version=&#8221;4.20.4&#8243; _module_preset=&#8221;default&#8221; global_colors_info=&#8221;{}&#8221;]<\/p>\n<p>Moni ostaa nyky\u00e4\u00e4n siivouspalvelua, vaikka siisteys on katoavaista. Ammattimaisen j\u00e4rjest\u00e4mispalvelun lopputulos sen sijaan kest\u00e4\u00e4. Kun ylim\u00e4\u00e4r\u00e4inen tavara on karsittu ja j\u00e4ljelle j\u00e4\u00e4neille tavaroille mietitty arjessa toimivat paikat, ei kaaosta p\u00e4\u00e4sek\u00e4\u00e4n en\u00e4\u00e4 syntym\u00e4\u00e4n. Ilahdun edelleen p\u00e4ivitt\u00e4in Saaran kanssa j\u00e4rjestetyst\u00e4 vaatehuoneesta, josta l\u00f6yd\u00e4n helposti etsim\u00e4ni ja joka pysyy j\u00e4rjestyksess\u00e4 kuin itsest\u00e4\u00e4n.<\/p>\n<p>[\/et_pb_testimonial][\/et_pb_column][et_pb_column type=&#8221;1_2&#8243; _builder_version=&#8221;4.20.4&#8243; _module_preset=&#8221;default&#8221; global_colors_info=&#8221;{}&#8221;][et_pb_testimonial author=&#8221;Nainen, 65&#8243; _builder_version=&#8221;4.20.4&#8243; _module_preset=&#8221;default&#8221; global_colors_info=&#8221;{}&#8221;]<\/p>\n<p>Ammattij\u00e4rjest\u00e4j\u00e4n apu oli tarpeellista, sill\u00e4 se her\u00e4tti ajatuksia, mit\u00e4 t\u00e4m\u00e4 el\u00e4m\u00e4 on kaiken tavaram\u00e4\u00e4r\u00e4n keskell\u00e4. Saara teki hyvi\u00e4 ehdotuksia, mutta antoi kuitenkin vapauden p\u00e4\u00e4tt\u00e4\u00e4 itse, mist\u00e4 luopuu ja mist\u00e4 ei. Tavaroiden lajittelu ja j\u00e4rjestely kaappeihin toi tilaa ja selkeytt\u00e4 siihen, mit\u00e4 miss\u00e4kin on. Prosessi jatkuu edelleen.<\/p>\n<p>[\/et_pb_testimonial][\/et_pb_column][\/et_pb_row][\/et_pb_section][et_pb_section fb_built=&#8221;1&#8243; _builder_version=&#8221;4.20.4&#8243; _module_preset=&#8221;default&#8221; custom_margin=&#8221;-41px|||||&#8221; custom_padding=&#8221;||14px|||&#8221; global_colors_info=&#8221;{}&#8221;][et_pb_row _builder_version=&#8221;4.20.4&#8243; _module_preset=&#8221;default&#8221; global_colors_info=&#8221;{}&#8221;][et_pb_column type=&#8221;4_4&#8243; _builder_version=&#8221;4.20.4&#8243; _module_preset=&#8221;default&#8221; global_colors_info=&#8221;{}&#8221;][et_pb_post_nav _builder_version=&#8221;4.20.4&#8243; _module_preset=&#8221;default&#8221; global_colors_info=&#8221;{}&#8221;][\/et_pb_post_nav][\/et_pb_column][\/et_pb_row][\/et_pb_section]<\/p>\n","protected":false},"excerpt":{"rendered":"<p>J\u00c4RJEST\u00c4MIS\u00adPALVELUJ\u00e4rjest\u00e4mispalvelu J\u00e4rjest\u00e4mispalvelu alkaa tilanteen kartoittamisella ja alustavan ty\u00f6suunnitelman tekemisell\u00e4 yhteisty\u00f6ss\u00e4 asiakkaan kanssa. J\u00e4rjest\u00e4misty\u00f6 toteutetaan yhdess\u00e4 asiakkaan kanssa siten, ett\u00e4 asiakas tekee p\u00e4\u00e4t\u00f6kset karsittavista tavaroista. J\u00e4rjest\u00e4mispalvelua tarjotaan tuntihinnalla. J\u00e4rjest\u00e4misen kestoon vaikuttaa tavaram\u00e4\u00e4r\u00e4 ja asiakkaan p\u00e4\u00e4t\u00f6ksenteon nopeus.Kotitalousv\u00e4hennys J\u00e4rjest\u00e4mispalvelusta saa kotitalousv\u00e4hennyksen (35% v. 2025). Kotitalousv\u00e4hennyst\u00e4 voi saada enint\u00e4\u00e4n 1600\u20ac\/hl\u00f6. Kotitalousv\u00e4hennyksen omavastuu on 150\u20ac.KARSITTUJEN TAVAROIDEN POISVIENTI Osana j\u00e4rjest\u00e4mispalvelua voin [&hellip;]<\/p>\n","protected":false},"author":1,"featured_media":0,"parent":0,"menu_order":0,"comment_status":"closed","ping_status":"closed","template":"","meta":{"_et_pb_use_builder":"on","_et_pb_old_content":"","_et_gb_content_width":"","footnotes":""},"class_list":["post-16","page","type-page","status-publish","hentry"],"_links":{"self":[{"href":"https:\/\/saarakiviluoto.fi\/index.php?rest_route=\/wp\/v2\/pages\/16","targetHints":{"allow":["GET"]}}],"collection":[{"href":"https:\/\/saarakiviluoto.fi\/index.php?rest_route=\/wp\/v2\/pages"}],"about":[{"href":"https:\/\/saarakiviluoto.fi\/index.php?rest_route=\/wp\/v2\/types\/page"}],"author":[{"embeddable":true,"href":"https:\/\/saarakiviluoto.fi\/index.php?rest_route=\/wp\/v2\/users\/1"}],"replies":[{"embeddable":true,"href":"https:\/\/saarakiviluoto.fi\/index.php?rest_route=%2Fwp%2Fv2%2Fcomments&post=16"}],"version-history":[{"count":55,"href":"https:\/\/saarakiviluoto.fi\/index.php?rest_route=\/wp\/v2\/pages\/16\/revisions"}],"predecessor-version":[{"id":758,"href":"https:\/\/saarakiviluoto.fi\/index.php?rest_route=\/wp\/v2\/pages\/16\/revisions\/758"}],"wp:attachment":[{"href":"https:\/\/saarakiviluoto.fi\/index.php?rest_route=%2Fwp%2Fv2%2Fmedia&parent=16"}],"curies":[{"name":"wp","href":"https:\/\/api.w.org\/{rel}","templated":true}]}}